{"id":322,"date":"2024-04-16T12:41:02","date_gmt":"2024-04-16T12:41:02","guid":{"rendered":"https:\/\/teleradio.nu\/?page_id=322"},"modified":"2024-06-24T10:56:56","modified_gmt":"2024-06-24T10:56:56","slug":"om-oss","status":"publish","type":"page","link":"https:\/\/kungshamn.teleradio.nu\/?page_id=322","title":{"rendered":"Om oss"},"content":{"rendered":"\n\n\t<section class=\"section\" id=\"section_1780727839\">\n\t\t<div class=\"section-bg fill\" >\n\t\t\t<img loading=\"lazy\" decoding=\"async\" width=\"2560\" height=\"1920\" src=\"https:\/\/kungshamn.teleradio.nu\/wp-content\/uploads\/2024\/04\/IMG_0360-scaled-1.jpg\" class=\"bg attachment-original size-original\" alt=\"\" \/>\t\t\t\t\t\t<div class=\"section-bg-overlay absolute fill\"><\/div>\n\t\t\t\n\n\t\t<\/div>\n\n\t\t\n\n\t\t<div class=\"section-content relative\">\n\t\t\t\n\n<div class=\"row row-full-width align-equal align-center\"  id=\"row-474795983\">\n\n\n\t<div id=\"col-1813813327\" class=\"col small-12 large-12\"  >\n\t\t\t\t<div class=\"col-inner\"  >\n\t\t\t\n\t\t\t\n\n\t<div id=\"text-2118079101\" class=\"text\">\n\t\t\n\n<h1><span style=\"font-size: 200%;\">Om Teleradio<\/span><\/h1>\n\t\t\n<style>\n#text-2118079101 {\n  text-align: center;\n  color: rgb(255,255,255);\n}\n#text-2118079101 > * {\n  color: rgb(255,255,255);\n}\n<\/style>\n\t<\/div>\n\t\n\n\t\t<\/div>\n\t\t\t\t\t<\/div>\n\n\t\n\n\n<style>\n#row-474795983 > .col > .col-inner {\n  padding: 200px 0px 0px 0px;\n}\n<\/style>\n<\/div>\n<div class=\"row\"  id=\"row-1980005293\">\n\n\n\t<div id=\"col-1176999262\" class=\"col medium-4 small-12 large-4\"  >\n\t\t\t\t<div class=\"col-inner\"  >\n\t\t\t\n\t\t\t\n\n\n\t\t<\/div>\n\t\t\t\t\t<\/div>\n\n\t\n\n\t<div id=\"col-1071016267\" class=\"col medium-4 small-12 large-4\"  >\n\t\t\t\t<div class=\"col-inner text-center\"  >\n\t\t\t\n\t\t\t\n\n<a data-animate=\"fadeInUp\" href=\"https:\/\/kungshamn.teleradio.nu\/?page_id=356\" class=\"button success expand\"  style=\"border-radius:99px;\">\n\t\t<span>Vanliga fr\u00e5gor<\/span>\n\t<\/a>\n\n\n\n\t\t<\/div>\n\t\t\t\t\t<\/div>\n\n\t\n\n\t<div id=\"col-2053446429\" class=\"col medium-4 small-12 large-4\"  >\n\t\t\t\t<div class=\"col-inner\"  >\n\t\t\t\n\t\t\t\n\n\n\t\t<\/div>\n\t\t\t\t\t<\/div>\n\n\t\n\n<\/div>\n\n\t\t<\/div>\n\n\t\t\n<style>\n#section_1780727839 {\n  padding-top: 30px;\n  padding-bottom: 30px;\n  min-height: 500px;\n}\n#section_1780727839 .section-bg-overlay {\n  background-color: rgba(0,0,0,.5);\n}\n#section_1780727839 .section-bg img {\n  object-position: 54% 42%;\n}\n@media (min-width:550px) {\n  #section_1780727839 .section-bg-overlay {\n    background-color: rgba(0,0,0,.5);\n  }\n}\n@media (min-width:850px) {\n  #section_1780727839 .section-bg-overlay {\n    background-color: rgba(0,0,0,.5);\n  }\n}\n<\/style>\n\t<\/section>\n\t\n\n\t<section class=\"section\" id=\"section_1012732687\">\n\t\t<div class=\"section-bg fill\" >\n\t\t\t\t\t\t\t\t\t\n\t\t\t\n\n\t\t<\/div>\n\n\t\t\n\n\t\t<div class=\"section-content relative\">\n\t\t\t\n\n<div class=\"row row-collapse row-full-width align-equal align-center\"  id=\"row-2027973889\">\n\n\n\t<div id=\"col-280546745\" class=\"col small-12 large-12\"  >\n\t\t\t\t<div class=\"col-inner text-center\"  >\n\t\t\t\n\t\t\t\n\n\t<div id=\"text-3834945560\" class=\"text\">\n\t\t\n\n<p>Bokning sker via v\u00e5ra butiker eller via telefon<\/p>\n\t\t\n<style>\n#text-3834945560 {\n  color: rgb(255,255,255);\n}\n#text-3834945560 > * {\n  color: rgb(255,255,255);\n}\n<\/style>\n\t<\/div>\n\t\n\n\t\t<\/div>\n\t\t\t\t\n<style>\n#col-280546745 > .col-inner {\n  padding: 20px 5px 5px 5px;\n}\n<\/style>\n\t<\/div>\n\n\t\n\n\n<style>\n#row-2027973889 > .col > .col-inner {\n  background-color: rgb(0, 169, 132);\n}\n<\/style>\n<\/div>\n\t<div id=\"gap-116863714\" class=\"gap-element clearfix\" style=\"display:block; height:auto;\">\n\t\t\n<style>\n#gap-116863714 {\n  padding-top: 30px;\n}\n<\/style>\n\t<\/div>\n\t\n\n<div class=\"row row-collapse row-full-width align-middle align-center\"  id=\"row-1203172542\">\n\n\n\t<div id=\"col-1767659413\" class=\"col medium-10 small-12 large-10\"  >\n\t\t\t\t<div class=\"col-inner text-center\"  >\n\t\t\t\n\t\t\t\n\n\t<div id=\"text-1809334427\" class=\"text\">\n\t\t\n\n<h2>Teleradio Munkedal &amp; Kungshamn<\/h2>\n<p>Med tv\u00e5 butiker spridda \u00f6ver hela Bohusl\u00e4n g\u00f6r vi det bekv\u00e4mt f\u00f6r dig att hitta h\u00f6gkvalitativa elektronik produkter precis d\u00e4r du \u00e4r. Hos oss hittar du allt fr\u00e5n den senaste TV:n till p\u00e5litliga h\u00f6gtalare och mobiltelefoner fr\u00e5n v\u00e4lrenommerade varum\u00e4rken.<\/p>\n<p>Vi str\u00e4var alltid efter att erbjuda det b\u00e4sta f\u00f6r v\u00e5ra kunder, och det inkluderar inte bara produkterna vi s\u00e4ljer utan \u00e4ven den service vi tillhandah\u00e5ller. V\u00e5ra egna mont\u00f6rer st\u00e5r redo att hj\u00e4lpa till med allt fr\u00e5n att montera en ny parabol till att installera din nya produkt. Vi vet hur viktigt det \u00e4r att f\u00e5 allt r\u00e4tt fr\u00e5n b\u00f6rjan, och v\u00e5ra experter \u00e4r h\u00e4r f\u00f6r att s\u00e4kerst\u00e4lla att din upplevelse hos oss \u00e4r smidig och bekymmersfri.<\/p>\n<p><span style=\"font-size: 130%;\"><strong>\u00d6ppettider i v\u00e5ra butiker:<\/strong><\/span><br \/><span style=\"font-size: 130%;\">10:00 &#8211; 18:00 Vardagar<\/span><br \/><span style=\"font-size: 130%;\">10:00 &#8211; 14:00 L\u00f6rdagar<\/span><br \/><span style=\"font-size: 130%;\">St\u00e4ngt &#8211; S\u00f6ndagar<\/span><\/p>\n<p>Kom f\u00f6rbi och uppt\u00e4ck vad vi har att erbjuda &#8211; vi ser fram emot att hj\u00e4lpa dig med dina elektronikbehov!<\/p>\n\t\t\n<style>\n#text-1809334427 {\n  color: rgb(255,255,255);\n}\n#text-1809334427 > * {\n  color: rgb(255,255,255);\n}\n<\/style>\n\t<\/div>\n\t\n\n\t\t<\/div>\n\t\t\t\t\n<style>\n#col-1767659413 > .col-inner {\n  padding: 25px 25px 25px 25px;\n}\n<\/style>\n\t<\/div>\n\n\t\n\n\n<style>\n#row-1203172542 > .col > .col-inner {\n  background-color: rgb(68, 68, 68);\n}\n<\/style>\n<\/div>\n\n\t\t<\/div>\n\n\t\t\n<style>\n#section_1012732687 {\n  padding-top: 30px;\n  padding-bottom: 30px;\n  background-color: #f6f1ec;\n}\n<\/style>\n\t<\/section>\n\t\n\n\t<section class=\"section\" id=\"section_794173673\">\n\t\t<div class=\"section-bg fill\" >\n\t\t\t\t\t\t\t\t\t\n\t\t\t\n\n\t\t<\/div>\n\n\t\t\t<div class=\"ux-shape-divider ux-shape-divider--top ux-shape-divider--style-arrow-2\">\n\t\t<svg viewBox=\"0 0 1000 100\" xmlns=\"http:\/\/www.w3.org\/2000\/svg\" preserveAspectRatio=\"none\">\n\t<path class=\"ux-shape-fill\" d=\"M1000 100H0L0 96H480.929C482.255 96 483.527 95.4732 484.464 94.5355L497.879 81.1213C499.05 79.9497 500.95 79.9497 502.121 81.1213L515.536 94.5355C516.473 95.4732 517.745 96 519.071 96H1000V100Z\"\/>\n<\/svg>\n\t<\/div>\n\n\n\t\t<div class=\"section-content relative\">\n\t\t\t\n\n\t<div id=\"gap-360875916\" class=\"gap-element clearfix\" style=\"display:block; height:auto;\">\n\t\t\n<style>\n#gap-360875916 {\n  padding-top: 30px;\n}\n<\/style>\n\t<\/div>\n\t\n\n<div class=\"row row-small row-full-width align-equal align-center\"  id=\"row-1832914067\">\n\n\n\t<div id=\"col-898541333\" class=\"col medium-10 small-12 large-5\"  >\n\t\t\t\t<div class=\"col-inner text-center\" style=\"background-color:rgb(242, 242, 242);\" >\n\t\t\t\n\t\t\t\n\n<div class=\"ux-logo has-hover align-middle ux_logo inline-block\" style=\"max-width: 100%!important; width: 425.56650246305px!important\"><div class=\"ux-logo-link block image-\" title=\"\" href=\"\" style=\"padding: 15px;\"><img decoding=\"async\" src=\"https:\/\/kungshamn.teleradio.nu\/wp-content\/uploads\/2024\/04\/Teleradio_logo_transparent_6.png\" title=\"\" alt=\"\" class=\"ux-logo-image block\" style=\"height:100px;\" \/><\/div><\/div>\n\n\t<div id=\"text-3241447582\" class=\"text\">\n\t\t\n\n<p>Under 1960-talet etablerades den f\u00f6rsta radiobutiken under namnet Munkedals Teleradio p\u00e5 Stale, som d\u00e5 var medlem i butikskedjan Expert. Denna butik utgjorde en viktig lokal f\u00f6r f\u00f6rs\u00e4ljning av radio- och elektronikutrustning under den tiden. \u00c5r 1985 fattade man beslutet att flytta fr\u00e5n lokalerna p\u00e5 Stale till Munkedals nyetablerade handelsomr\u00e5de, Munkeland. D\u00e4r byggde man en helt ny lokal med en imponerande butiksarea p\u00e5 625 kvadratmeter, inklusive en egen serviceverkstad.<\/p>\n<p>\u00c5r 1990 tog Niclas Wilhelmsson och Peter Olsson \u00f6ver verksamheten under samma namn, men denna g\u00e5ng som medlemmar i Rino. Detta partnerskap var en del av en st\u00f6rre f\u00f6r\u00e4ndring n\u00e4r butiken senare ansl\u00f6t sig till Euronics. Detta beslut gav dem m\u00f6jlighet att ut\u00f6ka sitt sortiment och erbjuda \u00e4nnu fler produkter till sina kunder samtidigt som de dra nytta av Euronics stora f\u00f6rdelar och marknadsposition.<\/p>\n\t\t\n<style>\n#text-3241447582 {\n  color: rgb(0,0,0);\n}\n#text-3241447582 > * {\n  color: rgb(0,0,0);\n}\n<\/style>\n\t<\/div>\n\t\n\n\t\t<\/div>\n\t\t\t\t\n<style>\n#col-898541333 > .col-inner {\n  padding: 25px 25px 25px 25px;\n}\n<\/style>\n\t<\/div>\n\n\t\n\n\t<div id=\"col-872849909\" class=\"col medium-10 small-12 large-5\"  >\n\t\t\t\t<div class=\"col-inner text-center\" style=\"background-color:rgb(242, 242, 242);\" >\n\t\t\t\n\t\t\t\n\n<div class=\"ux-logo has-hover align-middle ux_logo inline-block\" style=\"max-width: 100%!important; width: 613.01967493584px!important\"><div class=\"ux-logo-link block image-\" title=\"\" href=\"\" style=\"padding: 15px;\"><img decoding=\"async\" src=\"https:\/\/kungshamn.teleradio.nu\/wp-content\/uploads\/2024\/04\/Euronics-Teleradio-neg-lay-CMYK-1.png\" title=\"\" alt=\"\" class=\"ux-logo-image block\" style=\"height:100px;\" \/><\/div><\/div>\n\n\t<div id=\"text-3739059483\" class=\"text\">\n\t\t\n\n<p>En viktig milstolpe f\u00f6r Munkedals Teleradio intr\u00e4ffade \u00e5r 2006 d\u00e5 de tog \u00f6ver den tidigare Expertbutiken i Kungshamn. Detta marknadsf\u00f6rde tillg\u00e4ngligheten av Euronics \u00e4ven i Kungshamn, vilket ut\u00f6kade deras n\u00e4rvaro och tillg\u00e4nglighet f\u00f6r kunder i omr\u00e5det. Samtidigt blev Fredrik Johansson del\u00e4gare i Teleradio tillsammans med Peter och Niclas, vilket st\u00e4rkte f\u00f6retagets ledning och resurser.<\/p>\n<p>\u00c5r 2012 l\u00e4mnade Peter Olsson Teleradio, vilket markerade en f\u00f6r\u00e4ndring i f\u00f6retagets ledningsteam. Denna h\u00e4ndelse kan ha inneburit nya utmaningar och m\u00f6jligheter f\u00f6r f\u00f6retaget att omstrukturera och forts\u00e4tta sin utveckling under Fredrik Johansson och Niclas Wilhelmssons ledarskap.<\/p>\n\t\t\n<style>\n#text-3739059483 {\n  color: rgb(0,0,0);\n}\n#text-3739059483 > * {\n  color: rgb(0,0,0);\n}\n<\/style>\n\t<\/div>\n\t\n\n\t\t<\/div>\n\t\t\t\t\n<style>\n#col-872849909 > .col-inner {\n  padding: 25px 25px 25px 25px;\n}\n<\/style>\n\t<\/div>\n\n\t\n\n<\/div>\n<div class=\"row row-collapse row-full-width align-middle align-center\"  id=\"row-1071668760\">\n\n\n\t<div id=\"col-1636282835\" class=\"col medium-10 small-12 large-10\"  >\n\t\t\t\t<div class=\"col-inner text-center\" style=\"background-color:rgb(242, 242, 242);\" >\n\t\t\t\n\t\t\t\n\n<div class=\"ux-logo has-hover align-middle ux_logo inline-block\" style=\"max-width: 100%!important; width: 382.29357798165px!important\"><div class=\"ux-logo-link block image-\" title=\"\" href=\"\" style=\"padding: 15px;\"><img decoding=\"async\" src=\"https:\/\/kungshamn.teleradio.nu\/wp-content\/uploads\/2024\/06\/khamn-logotyp.png\" title=\"\" alt=\"\" class=\"ux-logo-image block\" style=\"height:100px;\" \/><\/div><\/div>\n\n\t<div id=\"text-3696023442\" class=\"text\">\n\t\t\n\n<p>Under 2021 tog Munkedals Teleradio i Munkedal beslutet att \u00e4n en g\u00e5ng byta lokaler, driven av en tydlig marknadsf\u00f6r\u00e4ndring som resulterade i en \u00f6kad f\u00f6rs\u00e4ljning av v\u00e4rmepumpar, vitvaror och sm\u00e5 elprodukter. F\u00f6r att m\u00f6ta den \u00f6kade efterfr\u00e5gan och forts\u00e4tta sin expansionsstr\u00e4van kr\u00e4vdes mer utrymme och f\u00f6rb\u00e4ttrade lagringsm\u00f6jligheter.<\/p>\n<p>Flytten genomf\u00f6rdes bara n\u00e5gra hundra meter fr\u00e5n den gamla butiken till en tidigare Electrolux Home-butik. Den nya lokalen erbj\u00f6d en betydligt st\u00f6rre yta och b\u00e4ttre anpassade lagerytor, vilket var n\u00f6dv\u00e4ndigt f\u00f6r att effektivt hantera den \u00f6kade verksamheten.<\/p>\n<p>\u00c5r 2024 tog Teleradio och dess medlemmar i Euronics beslutet att fusionera helt med Elon. Detta partnerskap syftade till att st\u00e4rka deras position p\u00e5 marknaden och erbjuda ett \u00e4nnu bredare sortiment av produkter. Genom att dra nytta av Elons resurser och expertis, kunde Teleradio forts\u00e4tta att vara konkurrenskraftiga och m\u00f6ta kundernas behov p\u00e5 ett \u00e4nnu b\u00e4ttre s\u00e4tt. Denna sammanslagning representerade en viktig milstolpe i f\u00f6retagets utveckling och dess f\u00f6rm\u00e5ga att forts\u00e4tta v\u00e4xa och blomstra i den konkurrensintensiva marknaden.<\/p>\n\t\t\n<style>\n#text-3696023442 {\n  color: rgb(0,0,0);\n}\n#text-3696023442 > * {\n  color: rgb(0,0,0);\n}\n<\/style>\n\t<\/div>\n\t\n\n\t\t<\/div>\n\t\t\t\t\n<style>\n#col-1636282835 > .col-inner {\n  padding: 25px 25px 25px 25px;\n}\n<\/style>\n\t<\/div>\n\n\t\n\n<\/div>\n\n\t\t<\/div>\n\n\t\t\n<style>\n#section_794173673 {\n  padding-top: 30px;\n  padding-bottom: 30px;\n  background-color: rgb(68, 68, 68);\n}\n#section_794173673 .ux-shape-divider--top svg {\n  height: 150px;\n  --divider-top-width: 100%;\n}\n#section_794173673 .ux-shape-divider--top .ux-shape-fill {\n  fill: #f6f1ec;\n}\n<\/style>\n\t<\/section>\n\t\n\n\t<section class=\"section\" id=\"section_2025790049\">\n\t\t<div class=\"section-bg fill\" >\n\t\t\t\t\t\t\t\t\t\n\t\t\t\n\n\t\t<\/div>\n\n\t\t\n\n\t\t<div class=\"section-content relative\">\n\t\t\t\n\n<div class=\"row row-collapse row-full-width align-equal align-center\"  id=\"row-1498204567\">\n\n\n\t<div id=\"col-1459301903\" class=\"col medium-3 small-6 large-3\"  >\n\t\t\t\t<div class=\"col-inner text-right\"  >\n\t\t\t\n\t\t\t\n\n<div class=\"ux-logo has-hover align-middle ux_logo inline-block\" style=\"max-width: 100%!important; width: 206.14678899083px!important\"><div class=\"ux-logo-link block image-\" title=\"\" href=\"\" style=\"padding: 15px;\"><img decoding=\"async\" src=\"https:\/\/kungshamn.teleradio.nu\/wp-content\/uploads\/2024\/06\/khamn-logotyp-vit.png\" title=\"\" alt=\"\" class=\"ux-logo-image block\" style=\"height:50px;\" \/><\/div><\/div>\n\n\n\t\t<\/div>\n\t\t\t\t\n<style>\n#col-1459301903 > .col-inner {\n  padding: 15px 15px 15px 15px;\n}\n<\/style>\n\t<\/div>\n\n\t\n\n\t<div id=\"col-1007878804\" class=\"col medium-3 small-6 large-3\"  >\n\t\t\t\t<div class=\"col-inner text-left\"  >\n\t\t\t\n\t\t\t\n\n<div class=\"social-icons follow-icons\" style=\"font-size:140%\"><a href=\"https:\/\/www.facebook.com\/Munkedals.Teleradio\/?locale=sv_SE\" target=\"_blank\" data-label=\"Facebook\" class=\"icon plain facebook tooltip\" title=\"Follow on Facebook\" aria-label=\"Follow on Facebook\" rel=\"noopener nofollow\" ><i class=\"icon-facebook\" ><\/i><\/a><a href=\"https:\/\/www.instagram.com\/teleradioeuronics\/\" target=\"_blank\" data-label=\"Instagram\" class=\"icon plain instagram tooltip\" title=\"Follow on Instagram\" aria-label=\"Follow on Instagram\" rel=\"noopener nofollow\" ><i class=\"icon-instagram\" ><\/i><\/a><\/div>\n\n\n\t\t<\/div>\n\t\t\t\t\n<style>\n#col-1007878804 > .col-inner {\n  padding: 35px 15px 15px 15px;\n}\n<\/style>\n\t<\/div>\n\n\t\n\n\t<div id=\"col-29635453\" class=\"col medium-3 small-6 large-3\"  >\n\t\t\t\t<div class=\"col-inner text-right\"  >\n\t\t\t\n\t\t\t\n\n\n\t\t<\/div>\n\t\t\t\t\n<style>\n#col-29635453 > .col-inner {\n  padding: 30px 15px 15px 15px;\n}\n<\/style>\n\t<\/div>\n\n\t\n\n\t<div id=\"col-1741253219\" class=\"col medium-3 small-6 large-3\"  >\n\t\t\t\t<div class=\"col-inner\"  >\n\t\t\t\n\t\t\t\n\n\t<div id=\"text-3655559679\" class=\"text\">\n\t\t\n\n<h2><span style=\"font-size: 130%;\">Kungshamn<\/span><\/h2>\n\t\t\n<style>\n#text-3655559679 {\n  color: rgb(255,255,255);\n}\n#text-3655559679 > * {\n  color: rgb(255,255,255);\n}\n<\/style>\n\t<\/div>\n\t\n\n\t\t<\/div>\n\t\t\t\t\n<style>\n#col-1741253219 > .col-inner {\n  padding: 30px 15px 15px 15px;\n}\n<\/style>\n\t<\/div>\n\n\t\n\n<\/div>\n\n\t\t<\/div>\n\n\t\t\n<style>\n#section_2025790049 {\n  padding-top: 0px;\n  padding-bottom: 0px;\n  background-color: rgb(68, 68, 68);\n}\n<\/style>\n\t<\/section>\n\t\n\n","protected":false},"excerpt":{"rendered":"","protected":false},"author":1,"featured_media":0,"parent":0,"menu_order":0,"comment_status":"closed","ping_status":"closed","template":"page-blank.php","meta":{"footnotes":""},"class_list":["post-322","page","type-page","status-publish","hentry"],"_links":{"self":[{"href":"https:\/\/kungshamn.teleradio.nu\/index.php?rest_route=\/wp\/v2\/pages\/322","targetHints":{"allow":["GET"]}}],"collection":[{"href":"https:\/\/kungshamn.teleradio.nu\/index.php?rest_route=\/wp\/v2\/pages"}],"about":[{"href":"https:\/\/kungshamn.teleradio.nu\/index.php?rest_route=\/wp\/v2\/types\/page"}],"author":[{"embeddable":true,"href":"https:\/\/kungshamn.teleradio.nu\/index.php?rest_route=\/wp\/v2\/users\/1"}],"replies":[{"embeddable":true,"href":"https:\/\/kungshamn.teleradio.nu\/index.php?rest_route=%2Fwp%2Fv2%2Fcomments&post=322"}],"version-history":[{"count":2,"href":"https:\/\/kungshamn.teleradio.nu\/index.php?rest_route=\/wp\/v2\/pages\/322\/revisions"}],"predecessor-version":[{"id":572,"href":"https:\/\/kungshamn.teleradio.nu\/index.php?rest_route=\/wp\/v2\/pages\/322\/revisions\/572"}],"wp:attachment":[{"href":"https:\/\/kungshamn.teleradio.nu\/index.php?rest_route=%2Fwp%2Fv2%2Fmedia&parent=322"}],"curies":[{"name":"wp","href":"https:\/\/api.w.org\/{rel}","templated":true}]}}